{"id":616,"date":"2021-02-22T17:55:50","date_gmt":"2021-02-22T15:55:50","guid":{"rendered":"https:\/\/eatemotions.de\/?post_type=product&#038;p=616"},"modified":"2025-06-24T10:34:34","modified_gmt":"2025-06-24T08:34:34","slug":"zitronen-olivenoel-extra-vergine-250ml","status":"publish","type":"product","link":"https:\/\/eatemotions.de\/?product=zitronen-olivenoel-extra-vergine-250ml","title":{"rendered":"Olio Miterra Zitronen Oliven\u00f6l &#8222;Extra Vergine&#8220; 250ml"},"content":{"rendered":"<p>Zitronen Oliven\u00f6l \u2014 eine K\u00f6stlichkeit aus Kalabrien von meinem Freund Giovanni und Christina. Deren Familie produziert eines der besten Oliven\u00f6l und Essig.<\/p>\n<p>Das erstklassiges \u201eExtra Vergine\u201c Zitronen Oliven\u00f6l stammt direkt vom Hersteller aus Kalabrien. Verw\u00f6hnt von der Sonne Kalabriens, werden die Oliven in alten Olivenhainen sorgf\u00e4ltig geerntet und schon kurz danach mit den ebenfalls frisch geernteten Zitronen zusammen nach traditioneller Art in der Steinm\u00fchle kalt gepresst. Dies ergibt das besonders hochwertige \u201eExtra Vergine\u201c Oliven\u00f6l. Durch diese Herstellungsart erh\u00e4lt das \u00d6l seine unvergleichlich feine, frische und leicht zitronige Geschmacksnote. Auch die Qualit\u00e4t des Zitronen Oliven\u00f6ls ist durch dieses schonende Verfahren besonders erlesen. Dazu kommt der gesundheitliche Aspekt, denn Oliven\u00f6l enth\u00e4lt zahlreiche wertvolle Stoffe. Das feine Aroma und die ausgesuchte Qualit\u00e4t machen unser Zitronen Oliven\u00f6l zu einem hochwertigen Produkt, das in keiner K\u00fcche fehlen sollte.<\/p>\n<p>Das feine Zitronen Oliven\u00f6l passt mit seinem dezenten Zitronenaroma zu zahlreichen Speisen. In einer Vinaigrette f\u00fcr Blatt- und gemischte Salate etwa entfaltet sich das feine Aroma des \u00d6ls besonders gut. Auch zum Braten von Fischgerichten passt das Zitronen Oliven\u00f6l sehr gut. Angenehm tritt dabei das leichte Zitronenaroma hervor, das hervorragend mit dem Fisch harmoniert. Grillgerichte und mediterrane Gem\u00fcse lassen sich mit diesem aromatischen Zitronen Oliven\u00f6l ebenfalls verfeinern und erhalten dadurch einen besonders raffinierten Geschmack.<\/p>\n<p>Das kalt gepresste, aromatische Olio Miterra Zitronen Oliven\u00f6l ist in der 250 ml Flasche erh\u00e4ltlich und sollte dunkel aufbewahrt werden.<\/p>\n<p>Menge pro 100 g<\/p>\n<ul id=\"naerwerte\" class=\"list-unstyled funktions-attribut\">\n<li><strong>Brennwert<\/strong>\u00a03.389 kJ \/ 824,0 kcal<\/li>\n<li><strong>Fett<\/strong>\u00a090 g<\/li>\n<li><strong>davon ges\u00e4ttigte Fetts\u00e4uren<\/strong>\u00a012,8 g<\/li>\n<li><strong>davon einfach unges\u00e4ttigte Fetts\u00e4uren<\/strong>\u00a070,5 g<\/li>\n<li><strong>davon mehrfach unges\u00e4ttigte Fetts\u00e4uren<\/strong>\u00a08,3 g<\/li>\n<li><strong>Kohlenhydrate<\/strong>\u00a00,0 g<\/li>\n<li><strong>davon Zucker<\/strong>\u00a00,0 g<\/li>\n<li><strong>Eiwei\u00dfgehalt<\/strong>\u00a00,0 g<\/li>\n<li><strong>Salz<\/strong>\u00a00,0 g<\/li>\n<\/ul>\n<p>Verantwortlicher Unternehmer: Olio Miterra , G.Forciniti ,Kaiserh\u00f6he 4 ,59846 Sundern<\/p>\n<p>&nbsp;<\/p>\n<p>&nbsp;<\/p>\n","protected":false},"excerpt":{"rendered":"<p>Grundpreis: 1 Liter \/ 63,60\u20ac<\/p>\n","protected":false},"featured_media":618,"comment_status":"open","ping_status":"closed","template":"","meta":[],"product_brand":[],"product_cat":[17],"product_tag":[],"class_list":{"0":"post-616","1":"product","2":"type-product","3":"status-publish","4":"has-post-thumbnail","6":"product_cat-oliven-oel-aus-italien","7":"product_shipping_class-kleinteile","9":"first","10":"instock","11":"taxable","12":"shipping-taxable","13":"purchasable","14":"product-type-simple"},"_links":{"self":[{"href":"https:\/\/eatemotions.de\/index.php?rest_route=\/wp\/v2\/product\/616","targetHints":{"allow":["GET"]}}],"collection":[{"href":"https:\/\/eatemotions.de\/index.php?rest_route=\/wp\/v2\/product"}],"about":[{"href":"https:\/\/eatemotions.de\/index.php?rest_route=\/wp\/v2\/types\/product"}],"replies":[{"embeddable":true,"href":"https:\/\/eatemotions.de\/index.php?rest_route=%2Fwp%2Fv2%2Fcomments&post=616"}],"wp:featuredmedia":[{"embeddable":true,"href":"https:\/\/eatemotions.de\/index.php?rest_route=\/wp\/v2\/media\/618"}],"wp:attachment":[{"href":"https:\/\/eatemotions.de\/index.php?rest_route=%2Fwp%2Fv2%2Fmedia&parent=616"}],"wp:term":[{"taxonomy":"product_brand","embeddable":true,"href":"https:\/\/eatemotions.de\/index.php?rest_route=%2Fwp%2Fv2%2Fproduct_brand&post=616"},{"taxonomy":"product_cat","embeddable":true,"href":"https:\/\/eatemotions.de\/index.php?rest_route=%2Fwp%2Fv2%2Fproduct_cat&post=616"},{"taxonomy":"product_tag","embeddable":true,"href":"https:\/\/eatemotions.de\/index.php?rest_route=%2Fwp%2Fv2%2Fproduct_tag&post=616"}],"curies":[{"name":"wp","href":"https:\/\/api.w.org\/{rel}","templated":true}]}}